{"id":185,"date":"2024-04-14T14:00:18","date_gmt":"2024-04-14T12:00:18","guid":{"rendered":"https:\/\/magdalena-markowska.pl\/?page_id=185"},"modified":"2024-04-18T08:06:24","modified_gmt":"2024-04-18T06:06:24","slug":"michal-koper","status":"publish","type":"page","link":"https:\/\/magdalena-markowska.pl\/index.php\/michal-koper\/","title":{"rendered":"Micha\u0142 Koper"},"content":{"rendered":"\n<p>Dr Micha\u0142 Koper, adiunkt w Instytucie Genetyki i Biotechnologii, zainteresowany regulacj\u0105 ekspresji gen\u00f3w i metabolizmem RNA w organizmach eukariotycznych, w szczeg\u00f3lno\u015bci transkrypcj\u0105 i struktur\u0105 rDNA u dro\u017cd\u017cy. Entuzjasta wykorzystanie technik biologii molekularnej w medycynie i w ochronie \u015brodowiska. Zaanga\u017cowany w szereg grant\u00f3w MNiSW i NCN, w tym wsp\u00f3\u0142autor dw\u00f3ch i kierownik jednego. Posiada do\u015bwiadczenie w pracy w projektach mi\u0119dzynarodowych, odby\u0142 kr\u00f3tkoterminowy sta\u017c na Uniwersytecie Zuryskim. Zdoby\u0142 3 zespo\u0142owe nagrody naukowe i 2 dydaktyczne JM Rektora UW. Oddany dydaktyk, czterokrotnie kierownik projekt\u00f3w FID UW. Aktywnie uczestnicz\u0105cy w \u017cyciu Uniwersytetu. Ma wieloletnie do\u015bwiadczenie w zakresie zam\u00f3wie\u0144 publicznych. Orcid id: <a href=\"https:\/\/orcid.org\/0000-0003-4824-1797\">https:\/\/orcid.org\/0000-0003-4824-1797<\/a><\/p>\n\n\n\n<h3 class=\"wp-block-heading\">Dzia\u0142alno\u015b\u0107 organizacyjna na uczelni<\/h3>\n\n\n\n<div class=\"wp-block-getwid-content-timeline\" data-animation=\"none\" data-filling=\"true\"><div class=\"wp-block-getwid-content-timeline__line\"><div class=\"wp-block-getwid-content-timeline__bar\"><\/div><\/div><div class=\"wp-block-getwid-content-timeline__wrapper\">\n<div class=\"wp-block-getwid-content-timeline-item\"><div class=\"wp-block-getwid-content-timeline-item__wrapper\"><div class=\"wp-block-getwid-content-timeline-item__card\"><div class=\"wp-block-getwid-content-timeline-item__card-wrapper\"><div class=\"wp-block-getwid-content-timeline-item__content-wrapper\"><div class=\"wp-block-getwid-content-timeline-item__mobile-meta\"><p class=\"wp-block-getwid-content-timeline-item__meta-content\">sierpie\u0144 \u2013 pa\u017adziernik 2022<\/p><\/div>\n<p>cz\u0142onek Zespo\u0142u Rektorskiego ds. opracowania koncepcji optymalizacji proces\u00f3w dotycz\u0105cych zam\u00f3wie\u0144 publicznych na Uniwersytecie Warszawskim<\/p>\n<\/div><\/div><\/div><div class=\"wp-block-getwid-content-timeline-item__point\"><div class=\"wp-block-getwid-content-timeline-item__point-content\"><\/div><\/div><div class=\"wp-block-getwid-content-timeline-item__meta\"><p class=\"wp-block-getwid-content-timeline-item__meta-content\">sierpie\u0144 \u2013 pa\u017adziernik 2022<\/p><\/div><\/div><\/div>\n\n\n\n<div class=\"wp-block-getwid-content-timeline-item\"><div class=\"wp-block-getwid-content-timeline-item__wrapper\"><div class=\"wp-block-getwid-content-timeline-item__card\"><div class=\"wp-block-getwid-content-timeline-item__card-wrapper\"><div class=\"wp-block-getwid-content-timeline-item__content-wrapper\"><div class=\"wp-block-getwid-content-timeline-item__mobile-meta\"><p class=\"wp-block-getwid-content-timeline-item__meta-content\">marzec \u2013 czerwiec 2022<\/p><\/div>\n<p>cz\u0142onek zespo\u0142u ekspert\u00f3w przy Pe\u0142nomocniku JM Rektora UW ds. zam\u00f3wie\u0144 publicznych, pomoc ekspercka w kontaktach Urz\u0119dem Zam\u00f3wie\u0144 Publicznych<\/p>\n<\/div><\/div><\/div><div class=\"wp-block-getwid-content-timeline-item__point\"><div class=\"wp-block-getwid-content-timeline-item__point-content\"><\/div><\/div><div class=\"wp-block-getwid-content-timeline-item__meta\"><p class=\"wp-block-getwid-content-timeline-item__meta-content\">marzec \u2013 czerwiec 2022<\/p><\/div><\/div><\/div>\n\n\n\n<div class=\"wp-block-getwid-content-timeline-item\"><div class=\"wp-block-getwid-content-timeline-item__wrapper\"><div class=\"wp-block-getwid-content-timeline-item__card\"><div class=\"wp-block-getwid-content-timeline-item__card-wrapper\"><div class=\"wp-block-getwid-content-timeline-item__content-wrapper\"><div class=\"wp-block-getwid-content-timeline-item__mobile-meta\"><p class=\"wp-block-getwid-content-timeline-item__meta-content\">2021 \u2013 2022<\/p><\/div>\n<p>cz\u0142onek Komisji roboczej ds. zam\u00f3wie\u0144 publicznych na WB UW<\/p>\n<\/div><\/div><\/div><div class=\"wp-block-getwid-content-timeline-item__point\"><div class=\"wp-block-getwid-content-timeline-item__point-content\"><\/div><\/div><div class=\"wp-block-getwid-content-timeline-item__meta\"><p class=\"wp-block-getwid-content-timeline-item__meta-content\">2021 \u2013 2022<\/p><\/div><\/div><\/div>\n\n\n\n<div class=\"wp-block-getwid-content-timeline-item\"><div class=\"wp-block-getwid-content-timeline-item__wrapper\"><div class=\"wp-block-getwid-content-timeline-item__card\"><div class=\"wp-block-getwid-content-timeline-item__card-wrapper\"><div class=\"wp-block-getwid-content-timeline-item__content-wrapper\"><div class=\"wp-block-getwid-content-timeline-item__mobile-meta\"><p class=\"wp-block-getwid-content-timeline-item__meta-content\">2021 \u2013 2022<\/p><\/div>\n<p>cz\u0142onek komisji rekrutacyjnej Szko\u0142y doktorskiej NSiP UW<\/p>\n<\/div><\/div><\/div><div class=\"wp-block-getwid-content-timeline-item__point\"><div class=\"wp-block-getwid-content-timeline-item__point-content\"><\/div><\/div><div class=\"wp-block-getwid-content-timeline-item__meta\"><p class=\"wp-block-getwid-content-timeline-item__meta-content\">2021 \u2013 2022<\/p><\/div><\/div><\/div>\n\n\n\n<div class=\"wp-block-getwid-content-timeline-item\"><div class=\"wp-block-getwid-content-timeline-item__wrapper\"><div class=\"wp-block-getwid-content-timeline-item__card\"><div class=\"wp-block-getwid-content-timeline-item__card-wrapper\"><div class=\"wp-block-getwid-content-timeline-item__content-wrapper\"><div class=\"wp-block-getwid-content-timeline-item__mobile-meta\"><p class=\"wp-block-getwid-content-timeline-item__meta-content\">2020 \u2013 2028<\/p><\/div>\n<p>elektor Uniwersytetu Warszawskiego i Wydzia\u0142u Biologii UW<\/p>\n<\/div><\/div><\/div><div class=\"wp-block-getwid-content-timeline-item__point\"><div class=\"wp-block-getwid-content-timeline-item__point-content\"><\/div><\/div><div class=\"wp-block-getwid-content-timeline-item__meta\"><p class=\"wp-block-getwid-content-timeline-item__meta-content\">2020 \u2013 2028<\/p><\/div><\/div><\/div>\n\n\n\n<div class=\"wp-block-getwid-content-timeline-item\"><div class=\"wp-block-getwid-content-timeline-item__wrapper\"><div class=\"wp-block-getwid-content-timeline-item__card\"><div class=\"wp-block-getwid-content-timeline-item__card-wrapper\"><div class=\"wp-block-getwid-content-timeline-item__content-wrapper\"><div class=\"wp-block-getwid-content-timeline-item__mobile-meta\"><p class=\"wp-block-getwid-content-timeline-item__meta-content\">2020 \u2013 2024<\/p><\/div>\n<p>cz\u0142onek Rady Instytutu Genetyki i Biotechnologii<\/p>\n<\/div><\/div><\/div><div class=\"wp-block-getwid-content-timeline-item__point\"><div class=\"wp-block-getwid-content-timeline-item__point-content\"><\/div><\/div><div class=\"wp-block-getwid-content-timeline-item__meta\"><p class=\"wp-block-getwid-content-timeline-item__meta-content\">2020 \u2013 2024<\/p><\/div><\/div><\/div>\n\n\n\n<div class=\"wp-block-getwid-content-timeline-item\"><div class=\"wp-block-getwid-content-timeline-item__wrapper\"><div class=\"wp-block-getwid-content-timeline-item__card\"><div class=\"wp-block-getwid-content-timeline-item__card-wrapper\"><div class=\"wp-block-getwid-content-timeline-item__content-wrapper\"><div class=\"wp-block-getwid-content-timeline-item__mobile-meta\"><p class=\"wp-block-getwid-content-timeline-item__meta-content\">2019<\/p><\/div>\n<p>organizator nowoczesnej pracowni dydaktyki biologii molekularnej i biotechnologii oraz pracowni izotopowej w Instytucie Genetyki i Biotechnologii UW finansowanej z funduszu FID<\/p>\n<\/div><\/div><\/div><div class=\"wp-block-getwid-content-timeline-item__point\"><div class=\"wp-block-getwid-content-timeline-item__point-content\"><\/div><\/div><div class=\"wp-block-getwid-content-timeline-item__meta\"><p class=\"wp-block-getwid-content-timeline-item__meta-content\">2019<\/p><\/div><\/div><\/div>\n\n\n\n<div class=\"wp-block-getwid-content-timeline-item\"><div class=\"wp-block-getwid-content-timeline-item__wrapper\"><div class=\"wp-block-getwid-content-timeline-item__card\"><div class=\"wp-block-getwid-content-timeline-item__card-wrapper\"><div class=\"wp-block-getwid-content-timeline-item__content-wrapper\"><div class=\"wp-block-getwid-content-timeline-item__mobile-meta\"><p class=\"wp-block-getwid-content-timeline-item__meta-content\">2016 \u2013 2028<\/p><\/div>\n<p>cz\u0142onek Rady Wydzia\u0142u Biologii UW<\/p>\n<\/div><\/div><\/div><div class=\"wp-block-getwid-content-timeline-item__point\"><div class=\"wp-block-getwid-content-timeline-item__point-content\"><\/div><\/div><div class=\"wp-block-getwid-content-timeline-item__meta\"><p class=\"wp-block-getwid-content-timeline-item__meta-content\">2016 \u2013 2028<\/p><\/div><\/div><\/div>\n\n\n\n<div class=\"wp-block-getwid-content-timeline-item\"><div class=\"wp-block-getwid-content-timeline-item__wrapper\"><div class=\"wp-block-getwid-content-timeline-item__card\"><div class=\"wp-block-getwid-content-timeline-item__card-wrapper\"><div class=\"wp-block-getwid-content-timeline-item__content-wrapper\"><div class=\"wp-block-getwid-content-timeline-item__mobile-meta\"><p class=\"wp-block-getwid-content-timeline-item__meta-content\">2012 \u2013 2015<\/p><\/div>\n<p>udzia\u0142 w realizacji programu CeNT UW \u2013 ekspert przy zakupach aparatury naukowo-badawczej i projektowaniu laboratori\u00f3w<\/p>\n<\/div><\/div><\/div><div class=\"wp-block-getwid-content-timeline-item__point\"><div class=\"wp-block-getwid-content-timeline-item__point-content\"><\/div><\/div><div class=\"wp-block-getwid-content-timeline-item__meta\"><p class=\"wp-block-getwid-content-timeline-item__meta-content\">2012 \u2013 2015<\/p><\/div><\/div><\/div>\n\n\n\n<div class=\"wp-block-getwid-content-timeline-item\"><div class=\"wp-block-getwid-content-timeline-item__wrapper\"><div class=\"wp-block-getwid-content-timeline-item__card\"><div class=\"wp-block-getwid-content-timeline-item__card-wrapper\"><div class=\"wp-block-getwid-content-timeline-item__content-wrapper\"><div class=\"wp-block-getwid-content-timeline-item__mobile-meta\"><p class=\"wp-block-getwid-content-timeline-item__meta-content\">Od 2012<\/p><\/div>\n<p>cz\u0142onek komisji DSM (ds. dotacji celowej na prowadzenie bada\u0144 naukowych dla m\u0142odych naukowc\u00f3w) Wydz. Biologii UW<\/p>\n<\/div><\/div><\/div><div class=\"wp-block-getwid-content-timeline-item__point\"><div class=\"wp-block-getwid-content-timeline-item__point-content\"><\/div><\/div><div class=\"wp-block-getwid-content-timeline-item__meta\"><p class=\"wp-block-getwid-content-timeline-item__meta-content\">Od 2012<\/p><\/div><\/div><\/div>\n\n\n\n<div class=\"wp-block-getwid-content-timeline-item\"><div class=\"wp-block-getwid-content-timeline-item__wrapper\"><div class=\"wp-block-getwid-content-timeline-item__card\"><div class=\"wp-block-getwid-content-timeline-item__card-wrapper\"><div class=\"wp-block-getwid-content-timeline-item__content-wrapper\"><div class=\"wp-block-getwid-content-timeline-item__mobile-meta\"><p class=\"wp-block-getwid-content-timeline-item__meta-content\">2010 \u2013 2015<\/p><\/div>\n<p>udzia\u0142 w realizacji programu CePT na UW \u2013 ekspert przy zakupach aparatury naukowo-badawczej<\/p>\n<\/div><\/div><\/div><div class=\"wp-block-getwid-content-timeline-item__point\"><div class=\"wp-block-getwid-content-timeline-item__point-content\"><\/div><\/div><div class=\"wp-block-getwid-content-timeline-item__meta\"><p class=\"wp-block-getwid-content-timeline-item__meta-content\">2010 \u2013 2015<\/p><\/div><\/div><\/div>\n\n\n\n<div class=\"wp-block-getwid-content-timeline-item\"><div class=\"wp-block-getwid-content-timeline-item__wrapper\"><div class=\"wp-block-getwid-content-timeline-item__card\"><div class=\"wp-block-getwid-content-timeline-item__card-wrapper\"><div class=\"wp-block-getwid-content-timeline-item__content-wrapper\"><div class=\"wp-block-getwid-content-timeline-item__mobile-meta\"><p class=\"wp-block-getwid-content-timeline-item__meta-content\">2008 \u2013 2012<\/p><\/div>\n<p>cz\u0142onek Rady Instytutu Genetyki i Biotechnologii<\/p>\n<\/div><\/div><\/div><div class=\"wp-block-getwid-content-timeline-item__point\"><div class=\"wp-block-getwid-content-timeline-item__point-content\"><\/div><\/div><div class=\"wp-block-getwid-content-timeline-item__meta\"><p class=\"wp-block-getwid-content-timeline-item__meta-content\">2008 \u2013 2012<\/p><\/div><\/div><\/div>\n<\/div><\/div>\n\n\n\n<p>kontakt: <a href=\"mailto:m.koper@uw.edu.pl\">m.koper@uw.edu.pl<\/a><\/p>\n","protected":false},"excerpt":{"rendered":"<p>Dr Micha\u0142 Koper, adiunkt w Instytucie Genetyki i Biotechnologii, zainteresowany regulacj\u0105 ekspresji gen\u00f3w i metabolizmem RNA w organizmach eukariotycznych, w szczeg\u00f3lno\u015bci transkrypcj\u0105 i struktur\u0105 rDNA u dro\u017cd\u017cy. Entuzjasta wykorzystanie technik biologii molekularnej w medycynie i w ochronie \u015brodowiska. Zaanga\u017cowany w szereg grant\u00f3w MNiSW i NCN, w tym wsp\u00f3\u0142autor dw\u00f3ch i kierownik jednego. Posiada do\u015bwiadczenie w [&hellip;]<\/p>\n","protected":false},"author":1,"featured_media":0,"parent":0,"menu_order":0,"comment_status":"closed","ping_status":"closed","template":"wp-custom-template-szerokie-strony","meta":{"_uag_custom_page_level_css":"","footnotes":""},"class_list":["post-185","page","type-page","status-publish","hentry"],"uagb_featured_image_src":{"full":false,"thumbnail":false,"medium":false,"medium_large":false,"large":false,"1536x1536":false,"2048x2048":false},"uagb_author_info":{"display_name":"meron","author_link":"https:\/\/magdalena-markowska.pl\/index.php\/author\/meron\/"},"uagb_comment_info":0,"uagb_excerpt":"Dr Micha\u0142 Koper, adiunkt w Instytucie Genetyki i Biotechnologii, zainteresowany regulacj\u0105 ekspresji gen\u00f3w i metabolizmem RNA w organizmach eukariotycznych, w szczeg\u00f3lno\u015bci transkrypcj\u0105 i struktur\u0105 rDNA u dro\u017cd\u017cy. Entuzjasta wykorzystanie technik biologii molekularnej w medycynie i w ochronie \u015brodowiska. Zaanga\u017cowany w szereg grant\u00f3w MNiSW i NCN, w tym wsp\u00f3\u0142autor dw\u00f3ch i kierownik jednego. Posiada do\u015bwiadczenie w&hellip;","_links":{"self":[{"href":"https:\/\/magdalena-markowska.pl\/index.php\/wp-json\/wp\/v2\/pages\/185","targetHints":{"allow":["GET"]}}],"collection":[{"href":"https:\/\/magdalena-markowska.pl\/index.php\/wp-json\/wp\/v2\/pages"}],"about":[{"href":"https:\/\/magdalena-markowska.pl\/index.php\/wp-json\/wp\/v2\/types\/page"}],"author":[{"embeddable":true,"href":"https:\/\/magdalena-markowska.pl\/index.php\/wp-json\/wp\/v2\/users\/1"}],"replies":[{"embeddable":true,"href":"https:\/\/magdalena-markowska.pl\/index.php\/wp-json\/wp\/v2\/comments?post=185"}],"version-history":[{"count":20,"href":"https:\/\/magdalena-markowska.pl\/index.php\/wp-json\/wp\/v2\/pages\/185\/revisions"}],"predecessor-version":[{"id":329,"href":"https:\/\/magdalena-markowska.pl\/index.php\/wp-json\/wp\/v2\/pages\/185\/revisions\/329"}],"wp:attachment":[{"href":"https:\/\/magdalena-markowska.pl\/index.php\/wp-json\/wp\/v2\/media?parent=185"}],"curies":[{"name":"wp","href":"https:\/\/api.w.org\/{rel}","templated":true}]}}