{"id":264,"date":"2024-04-17T16:03:27","date_gmt":"2024-04-17T14:03:27","guid":{"rendered":"https:\/\/magdalena-markowska.pl\/?page_id=264"},"modified":"2024-04-18T08:02:15","modified_gmt":"2024-04-18T06:02:15","slug":"danuta-solecka","status":"publish","type":"page","link":"https:\/\/magdalena-markowska.pl\/index.php\/danuta-solecka\/","title":{"rendered":"Danuta Solecka"},"content":{"rendered":"\n<p>Dr Danuta Solecka, prof. ucz. w Instytucie Biologii Eksperymentalnej i Biotechnologii Ro\u015blin, zajmuje si\u0119 mechanizmami reakcji ro\u015blin na stresowe czynniki \u015brodowiska (niska temperatura, susza), a przede wszystkim rol\u0105 \u015bciany kom\u00f3rkowej i zwi\u0105zk\u00f3w fenolowych w tych procesach. W ostatnich latach zainteresowa\u0142a si\u0119 tak\u017ce potencja\u0142em morfogenetycznym i embriogennym kultur ro\u015blinnych <em>in vitro <\/em>oraz<em> <\/em>indukcj\u0105 syntezy metabolit\u00f3w specjalistycznych w tych kulturach.<\/p>\n\n\n\n<p>Jest laureatk\u0105 nagr\u00f3d zespo\u0142owych rektora UW za osi\u0105gni\u0119cia badawcze oraz organizacyjne, trzykrotnie otrzymywa\u0142a tzw. stypendium naukowe JM Rektora UW. W 2017 roku otrzyma\u0142a Srebrny Medal 200-lecia UW za dzia\u0142alno\u015b\u0107 naukow\u0105 i dydaktyczn\u0105, a w 2018 roku \u2013 <strong>Nagrod\u0119 Dydaktyczn\u0105 JM Rektora UW <\/strong>za wybitne osi\u0105gni\u0119cia w realizacji procesu dydaktycznego oraz wprowadzanie nowatorskich metod i \u015brodk\u00f3w w obszarze nauk przyrodniczych i \u015bcis\u0142ych. <strong>Najbardziej dumna jest z dwukrotnego wyr\u00f3\u017cnienia za zas\u0142ugi dydaktyczne, otrzymanego od student\u00f3w Wydzia\u0142u Biologii UW w latach 2021 i 2023.<\/strong><\/p>\n\n\n\n<p>By\u0142a kierownikiem 2 grant\u00f3w KBN, wykonawc\u0105 w 4 grantach finansowanych przez NCN oraz w grantach z innych funduszy. Odby\u0142a kr\u00f3tkoterminowe sta\u017ce naukowe, finansowane m.in. przez Erazmus (3 miesi\u0105ce, University of Manchester), Fundacj\u0119 Polsko-Francusk\u0105 (3 miesi\u0105ce, Universitaire Paul Sabatier Tuluza), Uniwersytet Stanu Alberta, Kanada (3 miesi\u0105ce), oraz pi\u0119\u0107 2-tygodniowych sta\u017cy dydaktycznych, m.in. w University of Bangor, University of York, University of Manchester.<\/p>\n\n\n\n<p>Obecnie jest koordynatorem 4 i wsp\u00f3\u0142koordynatorem 3 przedmiot\u00f3w z oferty Wydzia\u0142u Biologii, bierze udzia\u0142 w prowadzeniu 2 kolejnych. By\u0142a opiekunem 33 prac magisterskich i licencjackich oraz recenzentem 136, z r\u00f3\u017cnych dziedzin biologii. Wsp\u00f3\u0142pracowa\u0142a przy organizacji studi\u00f3w podyplomowych \u201eCz\u0142owiek-Miasto-\u015arodowisko\u201d. Opr\u00f3cz zaj\u0119\u0107 na Wydziale Biologii UW prowadzi\u0142a m.in. wyk\u0142ady i laboratoria w ramach Studium Podyplomowego dla Nauczycieli Przyrody (gdzie zosta\u0142a wybrana przez s\u0142uchaczy Najlepszym Wyk\u0142adowc\u0105).<\/p>\n\n\n\n<p>Jest autorem ponad 130 wyk\u0142ad\u00f3w i zaj\u0119\u0107 popularyzatorskich, na Wydziale Biologii od 2013 roku koordynuje zaj\u0119cia w ramach \u015awiatowego Dnia Fascynuj\u0105cego \u015awiata Ro\u015blin. Bierze udzia\u0142 tak\u017ce w Nocy Biolog\u00f3w, Festiwalu Nauki, jest cz\u0119sto zapraszana do medi\u00f3w na wywiady dotycz\u0105ce tematyki ro\u015blinnej. Organizuje lekcje dla szk\u00f3\u0142.<\/p>\n\n\n\n<p>Jest, od 2022 roku, cz\u0142onkiem Komitetu Redakcyjnego czasopisma Kosmos.<\/p>\n\n\n\n<p>Profesor Danuta Solecka jest cz\u0142onkiem-za\u0142o\u017cycielem Polskiego Towarzystwa Biologii Eksperymentalnej Ro\u015blin oraz cz\u0142onkiem Polskiego Towarzystwa Botanicznego. W latach 2006 &#8211; 2016 r. by\u0142a Skarbnikiem Oddzia\u0142u Warszawskiego PTB, 2016 &#8211; 2020 \u2013 cz\u0142onkiem Zarz\u0105du, a od 2020 roku \u2013 cz\u0142onkiem Komisji Rewizyjnej Oddzia\u0142u Warszawskiego PTB.<\/p>\n\n\n\n<h3 class=\"wp-block-heading\">Dzia\u0142alno\u015b\u0107 organizacyjna na uczelni<\/h3>\n\n\n\n<div class=\"wp-block-getwid-content-timeline\" data-animation=\"none\" data-filling=\"true\"><div class=\"wp-block-getwid-content-timeline__line\"><div class=\"wp-block-getwid-content-timeline__bar\"><\/div><\/div><div class=\"wp-block-getwid-content-timeline__wrapper\">\n<div class=\"wp-block-getwid-content-timeline-item\"><div class=\"wp-block-getwid-content-timeline-item__wrapper\"><div class=\"wp-block-getwid-content-timeline-item__card\"><div class=\"wp-block-getwid-content-timeline-item__card-wrapper\"><div class=\"wp-block-getwid-content-timeline-item__content-wrapper\"><div class=\"wp-block-getwid-content-timeline-item__mobile-meta\"><p class=\"wp-block-getwid-content-timeline-item__meta-content\">2020 \u2013 obecnie<\/p><\/div>\n<p>cz\u0142onkini Senackiej Komisji ds. Student\u00f3w, Doktorant\u00f3w i Jako\u015bci Kszta\u0142cenia<\/p>\n<\/div><\/div><\/div><div class=\"wp-block-getwid-content-timeline-item__point\"><div class=\"wp-block-getwid-content-timeline-item__point-content\"><\/div><\/div><div class=\"wp-block-getwid-content-timeline-item__meta\"><p class=\"wp-block-getwid-content-timeline-item__meta-content\">2020 \u2013 obecnie<\/p><\/div><\/div><\/div>\n\n\n\n<div class=\"wp-block-getwid-content-timeline-item\"><div class=\"wp-block-getwid-content-timeline-item__wrapper\"><div class=\"wp-block-getwid-content-timeline-item__card\"><div class=\"wp-block-getwid-content-timeline-item__card-wrapper\"><div class=\"wp-block-getwid-content-timeline-item__content-wrapper\"><div class=\"wp-block-getwid-content-timeline-item__mobile-meta\"><p class=\"wp-block-getwid-content-timeline-item__meta-content\">2020 \u2013 obecnie<\/p><\/div>\n<p>cz\u0142onkini Rady dydaktycznej kierunk\u00f3w biologii, biotechnologii i ochrony \u015brodowiska<\/p>\n<\/div><\/div><\/div><div class=\"wp-block-getwid-content-timeline-item__point\"><div class=\"wp-block-getwid-content-timeline-item__point-content\"><\/div><\/div><div class=\"wp-block-getwid-content-timeline-item__meta\"><p class=\"wp-block-getwid-content-timeline-item__meta-content\">2020 \u2013 obecnie<\/p><\/div><\/div><\/div>\n\n\n\n<div class=\"wp-block-getwid-content-timeline-item\"><div class=\"wp-block-getwid-content-timeline-item__wrapper\"><div class=\"wp-block-getwid-content-timeline-item__card\"><div class=\"wp-block-getwid-content-timeline-item__card-wrapper\"><div class=\"wp-block-getwid-content-timeline-item__content-wrapper\"><div class=\"wp-block-getwid-content-timeline-item__mobile-meta\"><p class=\"wp-block-getwid-content-timeline-item__meta-content\">2019 \u2013 obecnie<\/p><\/div>\n<p>cz\u0142onkini Komisji ds. nagr\u00f3d naukowych i dydaktycznych Rady Wydzia\u0142u Biologii UW<\/p>\n<\/div><\/div><\/div><div class=\"wp-block-getwid-content-timeline-item__point\"><div class=\"wp-block-getwid-content-timeline-item__point-content\"><\/div><\/div><div class=\"wp-block-getwid-content-timeline-item__meta\"><p class=\"wp-block-getwid-content-timeline-item__meta-content\">2019 \u2013 obecnie<\/p><\/div><\/div><\/div>\n\n\n\n<div class=\"wp-block-getwid-content-timeline-item\"><div class=\"wp-block-getwid-content-timeline-item__wrapper\"><div class=\"wp-block-getwid-content-timeline-item__card\"><div class=\"wp-block-getwid-content-timeline-item__card-wrapper\"><div class=\"wp-block-getwid-content-timeline-item__content-wrapper\"><div class=\"wp-block-getwid-content-timeline-item__mobile-meta\"><p class=\"wp-block-getwid-content-timeline-item__meta-content\">2017-2019<\/p><\/div>\n<p>koordynatorka projektu \u201eCz\u0142owiek-Miasto-\u015arodowisko\u201d Program rozwoju kompetencji student\u00f3w wydzia\u0142\u00f3w przyrodniczych Uniwersytetu Warszawskiego i Wydzia\u0142u Chemicznego Politechniki Warszawskiej, (POWR.03.01.00-00-K376\/16), obejmuj\u0105cego 510 student\u00f3w Wydzia\u0142\u00f3w Biologii i Chemii UW oraz Wydzia\u0142u Chemicznego PW, kt\u00f3rzy mogli podnie\u015b\u0107 swoje kompetencje j\u0119zykowe, zawodowe i spo\u0142eczne<\/p>\n<\/div><\/div><\/div><div class=\"wp-block-getwid-content-timeline-item__point\"><div class=\"wp-block-getwid-content-timeline-item__point-content\"><\/div><\/div><div class=\"wp-block-getwid-content-timeline-item__meta\"><p class=\"wp-block-getwid-content-timeline-item__meta-content\">2017-2019<\/p><\/div><\/div><\/div>\n\n\n\n<div class=\"wp-block-getwid-content-timeline-item\"><div class=\"wp-block-getwid-content-timeline-item__wrapper\"><div class=\"wp-block-getwid-content-timeline-item__card\"><div class=\"wp-block-getwid-content-timeline-item__card-wrapper\"><div class=\"wp-block-getwid-content-timeline-item__content-wrapper\"><div class=\"wp-block-getwid-content-timeline-item__mobile-meta\"><p class=\"wp-block-getwid-content-timeline-item__meta-content\">2012 \u2013 2016<\/p><\/div>\n<p>cz\u0142onkini Rektorskiej Komisji ds. Wyk\u0142adowc\u00f3w Wizytuj\u0105cych<\/p>\n<\/div><\/div><\/div><div class=\"wp-block-getwid-content-timeline-item__point\"><div class=\"wp-block-getwid-content-timeline-item__point-content\"><\/div><\/div><div class=\"wp-block-getwid-content-timeline-item__meta\"><p class=\"wp-block-getwid-content-timeline-item__meta-content\">2012 \u2013 2016<\/p><\/div><\/div><\/div>\n\n\n\n<div class=\"wp-block-getwid-content-timeline-item\"><div class=\"wp-block-getwid-content-timeline-item__wrapper\"><div class=\"wp-block-getwid-content-timeline-item__card\"><div class=\"wp-block-getwid-content-timeline-item__card-wrapper\"><div class=\"wp-block-getwid-content-timeline-item__content-wrapper\"><div class=\"wp-block-getwid-content-timeline-item__mobile-meta\"><p class=\"wp-block-getwid-content-timeline-item__meta-content\">2012 \u2013 2013<\/p><\/div>\n<p>udzia\u0142 w pracach Komisji Rektorskiej ds. Weryfikacji Program\u00f3w Kszta\u0142cenia<\/p>\n<\/div><\/div><\/div><div class=\"wp-block-getwid-content-timeline-item__point\"><div class=\"wp-block-getwid-content-timeline-item__point-content\"><\/div><\/div><div class=\"wp-block-getwid-content-timeline-item__meta\"><p class=\"wp-block-getwid-content-timeline-item__meta-content\">2012 \u2013 2013<\/p><\/div><\/div><\/div>\n\n\n\n<div class=\"wp-block-getwid-content-timeline-item\"><div class=\"wp-block-getwid-content-timeline-item__wrapper\"><div class=\"wp-block-getwid-content-timeline-item__card\"><div class=\"wp-block-getwid-content-timeline-item__card-wrapper\"><div class=\"wp-block-getwid-content-timeline-item__content-wrapper\"><div class=\"wp-block-getwid-content-timeline-item__mobile-meta\"><p class=\"wp-block-getwid-content-timeline-item__meta-content\">2012<\/p><\/div>\n<p>udzia\u0142 w pracach Wydzia\u0142owej Komisji KRK Biologia<\/p>\n<\/div><\/div><\/div><div class=\"wp-block-getwid-content-timeline-item__point\"><div class=\"wp-block-getwid-content-timeline-item__point-content\"><\/div><\/div><div class=\"wp-block-getwid-content-timeline-item__meta\"><p class=\"wp-block-getwid-content-timeline-item__meta-content\">2012<\/p><\/div><\/div><\/div>\n\n\n\n<div class=\"wp-block-getwid-content-timeline-item\"><div class=\"wp-block-getwid-content-timeline-item__wrapper\"><div class=\"wp-block-getwid-content-timeline-item__card\"><div class=\"wp-block-getwid-content-timeline-item__card-wrapper\"><div class=\"wp-block-getwid-content-timeline-item__content-wrapper\"><div class=\"wp-block-getwid-content-timeline-item__mobile-meta\"><p class=\"wp-block-getwid-content-timeline-item__meta-content\">2009 \u2013 obecnie<\/p><\/div>\n<p>wicedyrektorka ds. dydaktycznych Instytutu Biologii Eksperymentalnej i Biotechnologii Ro\u015blin<\/p>\n<\/div><\/div><\/div><div class=\"wp-block-getwid-content-timeline-item__point\"><div class=\"wp-block-getwid-content-timeline-item__point-content\"><\/div><\/div><div class=\"wp-block-getwid-content-timeline-item__meta\"><p class=\"wp-block-getwid-content-timeline-item__meta-content\">2009 \u2013 obecnie<\/p><\/div><\/div><\/div>\n\n\n\n<div class=\"wp-block-getwid-content-timeline-item\"><div class=\"wp-block-getwid-content-timeline-item__wrapper\"><div class=\"wp-block-getwid-content-timeline-item__card\"><div class=\"wp-block-getwid-content-timeline-item__card-wrapper\"><div class=\"wp-block-getwid-content-timeline-item__content-wrapper\"><div class=\"wp-block-getwid-content-timeline-item__mobile-meta\"><p class=\"wp-block-getwid-content-timeline-item__meta-content\">2001 \u2013 obecnie<\/p><\/div>\n<p>cz\u0142onkini Komisji II Rady Wydzia\u0142u Biologii UW ds. Przewod\u00f3w Doktorskich<\/p>\n<\/div><\/div><\/div><div class=\"wp-block-getwid-content-timeline-item__point\"><div class=\"wp-block-getwid-content-timeline-item__point-content\"><\/div><\/div><div class=\"wp-block-getwid-content-timeline-item__meta\"><p class=\"wp-block-getwid-content-timeline-item__meta-content\">2001 \u2013 obecnie<\/p><\/div><\/div><\/div>\n\n\n\n<div class=\"wp-block-getwid-content-timeline-item\"><div class=\"wp-block-getwid-content-timeline-item__wrapper\"><div class=\"wp-block-getwid-content-timeline-item__card\"><div class=\"wp-block-getwid-content-timeline-item__card-wrapper\"><div class=\"wp-block-getwid-content-timeline-item__content-wrapper\"><div class=\"wp-block-getwid-content-timeline-item__mobile-meta\"><p class=\"wp-block-getwid-content-timeline-item__meta-content\">2001 \u2013 2021<\/p><\/div>\n<p>cz\u0142onkini Rady Wydzia\u0142u Biologii<\/p>\n<\/div><\/div><\/div><div class=\"wp-block-getwid-content-timeline-item__point\"><div class=\"wp-block-getwid-content-timeline-item__point-content\"><\/div><\/div><div class=\"wp-block-getwid-content-timeline-item__meta\"><p class=\"wp-block-getwid-content-timeline-item__meta-content\">2001 \u2013 2021<\/p><\/div><\/div><\/div>\n\n\n\n<div class=\"wp-block-getwid-content-timeline-item\"><div class=\"wp-block-getwid-content-timeline-item__wrapper\"><div class=\"wp-block-getwid-content-timeline-item__card\"><div class=\"wp-block-getwid-content-timeline-item__card-wrapper\"><div class=\"wp-block-getwid-content-timeline-item__content-wrapper\"><div class=\"wp-block-getwid-content-timeline-item__mobile-meta\"><p class=\"wp-block-getwid-content-timeline-item__meta-content\">2001 \u2013 2019<\/p><\/div>\n<p>cz\u0142onkini Komisji dydaktycznej WB<\/p>\n<\/div><\/div><\/div><div class=\"wp-block-getwid-content-timeline-item__point\"><div class=\"wp-block-getwid-content-timeline-item__point-content\"><\/div><\/div><div class=\"wp-block-getwid-content-timeline-item__meta\"><p class=\"wp-block-getwid-content-timeline-item__meta-content\">2001 \u2013 2019<\/p><\/div><\/div><\/div>\n<\/div><\/div>\n\n\n\n<p>kontakt: <a href=\"mailto:d.solecka@uw.edu.pl\">d.solecka@uw.edu.pl<\/a><\/p>\n","protected":false},"excerpt":{"rendered":"<p>Dr Danuta Solecka, prof. ucz. w Instytucie Biologii Eksperymentalnej i Biotechnologii Ro\u015blin, zajmuje si\u0119 mechanizmami reakcji ro\u015blin na stresowe czynniki \u015brodowiska (niska temperatura, susza), a przede wszystkim rol\u0105 \u015bciany kom\u00f3rkowej i zwi\u0105zk\u00f3w fenolowych w tych procesach. W ostatnich latach zainteresowa\u0142a si\u0119 tak\u017ce potencja\u0142em morfogenetycznym i embriogennym kultur ro\u015blinnych in vitro oraz indukcj\u0105 syntezy metabolit\u00f3w specjalistycznych [&hellip;]<\/p>\n","protected":false},"author":1,"featured_media":0,"parent":0,"menu_order":0,"comment_status":"closed","ping_status":"closed","template":"wp-custom-template-szerokie-strony","meta":{"_uag_custom_page_level_css":"","footnotes":""},"class_list":["post-264","page","type-page","status-publish","hentry"],"uagb_featured_image_src":{"full":false,"thumbnail":false,"medium":false,"medium_large":false,"large":false,"1536x1536":false,"2048x2048":false},"uagb_author_info":{"display_name":"meron","author_link":"https:\/\/magdalena-markowska.pl\/index.php\/author\/meron\/"},"uagb_comment_info":0,"uagb_excerpt":"Dr Danuta Solecka, prof. ucz. w Instytucie Biologii Eksperymentalnej i Biotechnologii Ro\u015blin, zajmuje si\u0119 mechanizmami reakcji ro\u015blin na stresowe czynniki \u015brodowiska (niska temperatura, susza), a przede wszystkim rol\u0105 \u015bciany kom\u00f3rkowej i zwi\u0105zk\u00f3w fenolowych w tych procesach. W ostatnich latach zainteresowa\u0142a si\u0119 tak\u017ce potencja\u0142em morfogenetycznym i embriogennym kultur ro\u015blinnych in vitro oraz indukcj\u0105 syntezy metabolit\u00f3w specjalistycznych&hellip;","_links":{"self":[{"href":"https:\/\/magdalena-markowska.pl\/index.php\/wp-json\/wp\/v2\/pages\/264","targetHints":{"allow":["GET"]}}],"collection":[{"href":"https:\/\/magdalena-markowska.pl\/index.php\/wp-json\/wp\/v2\/pages"}],"about":[{"href":"https:\/\/magdalena-markowska.pl\/index.php\/wp-json\/wp\/v2\/types\/page"}],"author":[{"embeddable":true,"href":"https:\/\/magdalena-markowska.pl\/index.php\/wp-json\/wp\/v2\/users\/1"}],"replies":[{"embeddable":true,"href":"https:\/\/magdalena-markowska.pl\/index.php\/wp-json\/wp\/v2\/comments?post=264"}],"version-history":[{"count":9,"href":"https:\/\/magdalena-markowska.pl\/index.php\/wp-json\/wp\/v2\/pages\/264\/revisions"}],"predecessor-version":[{"id":325,"href":"https:\/\/magdalena-markowska.pl\/index.php\/wp-json\/wp\/v2\/pages\/264\/revisions\/325"}],"wp:attachment":[{"href":"https:\/\/magdalena-markowska.pl\/index.php\/wp-json\/wp\/v2\/media?parent=264"}],"curies":[{"name":"wp","href":"https:\/\/api.w.org\/{rel}","templated":true}]}}